{"id":633,"date":"2020-06-20T11:01:33","date_gmt":"2020-06-20T11:01:33","guid":{"rendered":"https:\/\/feuerwehr-kollnburg.de\/?page_id=633"},"modified":"2020-12-31T10:15:12","modified_gmt":"2020-12-31T10:15:12","slug":"einsaetze-2018","status":"publish","type":"page","link":"https:\/\/feuerwehr-kollnburg.de\/?page_id=633","title":{"rendered":"Eins\u00e4tze 2018"},"content":{"rendered":"\n<h4 class=\"wp-block-heading\">Vier Brandeins\u00e4tze<\/h4>\n\n\n\n<figure class=\"wp-block-table is-style-regular\"><table class=\"has-fixed-layout\"><tbody><tr><td>11.10.2018<\/td><td>Brand PKW<\/td><td>ST 2139 H\u00f6he Reichsdorf<\/td><\/tr><tr><td>24.11.2018<\/td><td>Brand B4<\/td><td>Wohnhaus in Moosbach<\/td><\/tr><tr><td>24.11.2018<\/td><td>Brand PKW<\/td><td>ST 2139 H\u00f6he H\u00f6chstrass<\/td><\/tr><tr><td>30.12.2018<\/td><td>Brand B4<\/td><td>Stallung in Vorderau<\/td><\/tr><\/tbody><\/table><\/figure>\n\n\n\n<h4 class=\"wp-block-heading\"> Technische Hilfestellungen <\/h4>\n\n\n\n<figure class=\"wp-block-table is-style-regular\"><table class=\"\"><tbody><tr><td>20.03.2018<\/td><td>T\u00fcr\u00f6ffnung in St. Englmar<\/td><\/tr><tr><td>26.04.2018<\/td><td>Eingeklemmtes Kind in Viechtach am dortigen Kindergarten<\/td><\/tr><tr><td>24.05.2018<\/td><td>Kanalsp\u00fclung f\u00fcr den Bauhof<\/td><\/tr><tr><td>07.06.2018<\/td><td>T\u00fcr\u00f6ffnung in Wetterstein<\/td><\/tr><tr><td>13.06.2018<\/td><td>Kanalsp\u00fclung f\u00fcr den Bauhof<\/td><\/tr><tr><td>18.06.2018<\/td><td>T\u00fcr\u00f6ffnung in St. Englmar<\/td><\/tr><tr><td>06.07.2018<\/td><td>Wespennest entfernen in der Schulstra\u00dfe<\/td><\/tr><tr><td>12.07.2018<\/td><td>Verkehrsunfall auf der ST 2139 h\u00f6he Hochstrass mit 2 beteiligten PKW<\/td><\/tr><tr><td>26.07.2018<\/td><td>Verkehrsunfall mit Motorrad auf der ST 2139 h\u00f6he Hochstrass<\/td><\/tr><tr><td>14.08.2018<\/td><td>Wespennest entfernen im Kindergarten Kollnburg<\/td><\/tr><tr><td>18.08.2018<\/td><td>\u00d6lspur nach Verkehrsunfall auf der ST 2139 h\u00f6he Reichsdorf<\/td><\/tr><tr><td>23.09.2018<\/td><td>Mehrere B\u00e4ume \u00fcber Fahrbahn im Einsatzgebiet <\/td><\/tr><tr><td>30.09.2018<\/td><td>Verkehrsregelung zum Besuch  des Bischofs<\/td><\/tr><tr><td>14.10.2018<\/td><td>Wassertransport nach Rechertsried<\/td><\/tr><tr><td>17.10.2018<\/td><td>Wassertransport nach Rechertsried<\/td><\/tr><tr><td>09.11.2018<\/td><td>Verkehrsregelung zum Martinszug<\/td><\/tr><tr><td>27.11.2018<\/td><td>Mehrere B\u00e4ume \u00fcber Fahrbahn auf der ST 2139 h\u00f6he Markbuchen<\/td><\/tr><tr><td>09.12.2018<\/td><td>Verkehrsregelung zum Crew Traillauf in Kollnburg<\/td><\/tr><tr><td>09.01.2019 &#8211; 14.01.2019<\/td><td><a href=\"https:\/\/feuerwehr-kollnburg.de\/?page_id=3838\">Weit \u00fcber 20 Einsatzstellen mit B\u00e4umen \u00fcber Fahrbahnen im Einsatzgebiet der FF Kollnburg<\/a><\/td><\/tr><tr><td>03.03.2019<\/td><td>Verkehrsregelung zum Faschingszug mit Betreuung von 2 akut erkrankten Besuchern bis Rettungsdienst vor Ort war<\/td><\/tr><tr><td>10.03.2019<\/td><td>Baum \u00fcber Fahrbahn auf der ST 2139 h\u00f6he Hochstrass<\/td><\/tr><\/tbody><\/table><\/figure>\n","protected":false},"excerpt":{"rendered":"<p>Vier Brandeins\u00e4tze 11.10.2018 Brand PKW ST 2139 H\u00f6he Reichsdorf 24.11.2018 Brand B4 Wohnhaus in Moosbach 24.11.2018 Brand PKW ST 2139 H\u00f6he H\u00f6chstrass 30.12.2018 Brand B4 Stallung in Vorderau Technische Hilfestellungen 20.03.2018 T\u00fcr\u00f6ffnung in St. Englmar 26.04.2018 Eingeklemmtes Kind in Viechtach am dortigen Kindergarten 24.05.2018 Kanalsp\u00fclung f\u00fcr den Bauhof 07.06.2018 T\u00fcr\u00f6ffnung in Wetterstein 13.06.2018 Kanalsp\u00fclung f\u00fcr [&hellip;]<\/p>\n","protected":false},"author":1,"featured_media":0,"parent":514,"menu_order":0,"comment_status":"closed","ping_status":"closed","template":"","meta":{"_genesis_hide_title":false,"_genesis_hide_breadcrumbs":false,"_genesis_hide_singular_image":false,"_genesis_hide_footer_widgets":false,"_genesis_custom_body_class":"","_genesis_custom_post_class":"","_genesis_layout":"full-width-content","footnotes":""},"class_list":{"0":"post-633","1":"page","2":"type-page","3":"status-publish","5":"entry"},"featured_image_src":null,"featured_image_src_square":null,"_links":{"self":[{"href":"https:\/\/feuerwehr-kollnburg.de\/index.php?rest_route=\/wp\/v2\/pages\/633","targetHints":{"allow":["GET"]}}],"collection":[{"href":"https:\/\/feuerwehr-kollnburg.de\/index.php?rest_route=\/wp\/v2\/pages"}],"about":[{"href":"https:\/\/feuerwehr-kollnburg.de\/index.php?rest_route=\/wp\/v2\/types\/page"}],"author":[{"embeddable":true,"href":"https:\/\/feuerwehr-kollnburg.de\/index.php?rest_route=\/wp\/v2\/users\/1"}],"replies":[{"embeddable":true,"href":"https:\/\/feuerwehr-kollnburg.de\/index.php?rest_route=%2Fwp%2Fv2%2Fcomments&post=633"}],"version-history":[{"count":5,"href":"https:\/\/feuerwehr-kollnburg.de\/index.php?rest_route=\/wp\/v2\/pages\/633\/revisions"}],"predecessor-version":[{"id":3842,"href":"https:\/\/feuerwehr-kollnburg.de\/index.php?rest_route=\/wp\/v2\/pages\/633\/revisions\/3842"}],"up":[{"embeddable":true,"href":"https:\/\/feuerwehr-kollnburg.de\/index.php?rest_route=\/wp\/v2\/pages\/514"}],"wp:attachment":[{"href":"https:\/\/feuerwehr-kollnburg.de\/index.php?rest_route=%2Fwp%2Fv2%2Fmedia&parent=633"}],"curies":[{"name":"wp","href":"https:\/\/api.w.org\/{rel}","templated":true}]}}