{"id":520,"date":"2020-04-18T13:06:25","date_gmt":"2020-04-18T13:06:25","guid":{"rendered":"https:\/\/feuerwehr-kollnburg.de\/?page_id=520"},"modified":"2020-11-06T17:38:24","modified_gmt":"2020-11-06T17:38:24","slug":"einsaetze-2019","status":"publish","type":"page","link":"https:\/\/feuerwehr-kollnburg.de\/?page_id=520","title":{"rendered":"Eins\u00e4tze 2019"},"content":{"rendered":"\n<div class=\"wp-block-atomic-blocks-ab-container ab-block-container\"><div class=\"ab-container-inside\"><div class=\"ab-container-content\">\n<h4 class=\"wp-block-heading\">Drei Brandeins\u00e4tze<\/h4>\n\n\n\n<figure class=\"wp-block-table is-style-regular\"><table class=\"has-fixed-layout\"><tbody><tr><td>21.03.2019 <\/td><td>Brand B 4<\/td><td>S\u00e4gesp\u00e4nebunkerbrand in Viechtach <\/td><\/tr><tr><td>27.03.2019 <\/td><td>Brand B 3<\/td><td>Dachstuhlbrand in Wegg\u00fctl <\/td><\/tr><tr><td>10.02.2019 <\/td><td>Brand B 3<\/td><td>Kaminbrand in Bayerweg <\/td><\/tr><\/tbody><\/table><\/figure>\n<\/div><\/div><\/div>\n\n\n\n<div class=\"wp-block-atomic-blocks-ab-container ab-block-container\"><div class=\"ab-container-inside\"><div class=\"ab-container-content\">\n<h4 class=\"wp-block-heading\">21 technische Hilfeleistungen <\/h4>\n\n\n\n<figure class=\"wp-block-table is-style-regular\"><table class=\"has-fixed-layout\"><tbody><tr><td>16.03.2019<\/td><td>THL 1<\/td><td>\u00d6l auf Gew\u00e4sser in Kollnburg <\/td><\/tr><tr><td>08.04.2019<\/td><td><\/td><td>Kanalsp\u00fclung f\u00fcr den Bauhof<\/td><\/tr><tr><td>15.04.2019<\/td><td>THL 1<\/td><td>Verkehrsunfall mit 1 PKW und 1 Transporter auf der ST2139 H\u00f6he Reichsdorf<\/td><\/tr><tr><td>21.04.2019<\/td><td><\/td><td>ABC Kraftstoff &#8211; Auslaufender Kraftstoff aus PKW in H\u00fcgelhof bei St. Englmar<\/td><\/tr><tr><td>29.05.2019<\/td><td>THL<\/td><td>Unwetter- Baum \u00fcber Fahrbahn auf der ST 2139 h\u00f6he H\u00f6fen<\/td><\/tr><tr><td>09.06.2019<\/td><td><\/td><td>Verkehrsregelung zum Oldtimertreffen in Kollnburg<\/td><\/tr><tr><td>27.06.2019<\/td><td>THL 3<\/td><td>Verkehrsunfall mit mehreren PKWs auf der B85 H\u00f6he Antonikreuzung<\/td><\/tr><tr><td>05.07.2019<\/td><td>THL 2<\/td><td>Verkehrsunfall PKW \u00dcberschlag auf der ST 2139 h\u00f6he Hochstra\u00df<\/td><\/tr><tr><td>13.07.2019<\/td><td>THL<\/td><td>Unwetter &#8211; Baum \u00fcber Fahrbahn bei Bayerweg<\/td><\/tr><tr><td>18.07.2019<\/td><td>TH 1<\/td><td>Verkehrsunfall mit 2 PKW auf der ST 2139 H\u00f6he Reichsdorf<\/td><\/tr><tr><td>11.08.2019<\/td><td>THL<\/td><td>Unwetter &#8211; Baum \u00fcber Fahrbahn auf der ST 2139 H\u00f6he H\u00f6fen<\/td><\/tr><tr><td>04.09.2019<\/td><td>THL 4 <\/td><td>Traktor \u00dcberschlag mit eingeklemmter Person in St. Englmar<\/td><\/tr><tr><td>09.09.2019<\/td><td>THL 3<\/td><td>PKW \u00dcberschlag mit eingeklemmter Person auf der REG 14 H\u00f6he Brandhof<\/td><\/tr><tr><td>25.09.2019<\/td><td>THL 1<\/td><td>Keller unter Wasser in der Schulstra\u00dfe<\/td><\/tr><tr><td>26.09.2019<\/td><td><\/td><td>Verkehrsregelung zum D\u00f6rferwettbewerb in Kollnburg<\/td><\/tr><tr><td>26.09.2019<\/td><td><\/td><td> Wassertransport nach Rechertsried <\/td><\/tr><tr><td>05.10.2019<\/td><td><\/td><td>Wassertransport nach Rechertsried<\/td><\/tr><tr><td>09.10.2019<\/td><td>THL 1<\/td><td>Stra\u00dfe reinigen auf der ST 2139 H\u00f6he Abzw. Windsprach<\/td><\/tr><tr><td>12.10.2019<\/td><td>THL 1<\/td><td>Stra\u00dfe reinigen nach \u00d6lspur zwischen Kollnburg und Rechertsried<\/td><\/tr><tr><td>12.10.2019 und 23.10.2019<\/td><td><\/td><td>Drei Mal Wassertransport nach Rechertsried<\/td><\/tr><tr><td>11.11.2019<\/td><td><\/td><td>Verkehrsregelung zum Martinszug in Kollnburg<\/td><\/tr><\/tbody><\/table><\/figure>\n<\/div><\/div><\/div>\n\n\n\n<p><\/p>\n","protected":false},"excerpt":{"rendered":"","protected":false},"author":1,"featured_media":0,"parent":514,"menu_order":0,"comment_status":"closed","ping_status":"closed","template":"","meta":{"_genesis_hide_title":false,"_genesis_hide_breadcrumbs":false,"_genesis_hide_singular_image":false,"_genesis_hide_footer_widgets":false,"_genesis_custom_body_class":"","_genesis_custom_post_class":"","_genesis_layout":"full-width-content","footnotes":""},"class_list":{"0":"post-520","1":"page","2":"type-page","3":"status-publish","5":"entry"},"featured_image_src":null,"featured_image_src_square":null,"_links":{"self":[{"href":"https:\/\/feuerwehr-kollnburg.de\/index.php?rest_route=\/wp\/v2\/pages\/520","targetHints":{"allow":["GET"]}}],"collection":[{"href":"https:\/\/feuerwehr-kollnburg.de\/index.php?rest_route=\/wp\/v2\/pages"}],"about":[{"href":"https:\/\/feuerwehr-kollnburg.de\/index.php?rest_route=\/wp\/v2\/types\/page"}],"author":[{"embeddable":true,"href":"https:\/\/feuerwehr-kollnburg.de\/index.php?rest_route=\/wp\/v2\/users\/1"}],"replies":[{"embeddable":true,"href":"https:\/\/feuerwehr-kollnburg.de\/index.php?rest_route=%2Fwp%2Fv2%2Fcomments&post=520"}],"version-history":[{"count":19,"href":"https:\/\/feuerwehr-kollnburg.de\/index.php?rest_route=\/wp\/v2\/pages\/520\/revisions"}],"predecessor-version":[{"id":582,"href":"https:\/\/feuerwehr-kollnburg.de\/index.php?rest_route=\/wp\/v2\/pages\/520\/revisions\/582"}],"up":[{"embeddable":true,"href":"https:\/\/feuerwehr-kollnburg.de\/index.php?rest_route=\/wp\/v2\/pages\/514"}],"wp:attachment":[{"href":"https:\/\/feuerwehr-kollnburg.de\/index.php?rest_route=%2Fwp%2Fv2%2Fmedia&parent=520"}],"curies":[{"name":"wp","href":"https:\/\/api.w.org\/{rel}","templated":true}]}}