{"id":208,"date":"2020-01-06T16:26:31","date_gmt":"2020-01-06T16:26:31","guid":{"rendered":"https:\/\/feuerwehr-kollnburg.de\/?page_id=208"},"modified":"2020-12-28T12:52:20","modified_gmt":"2020-12-28T12:52:20","slug":"chronik","status":"publish","type":"page","link":"https:\/\/feuerwehr-kollnburg.de\/?page_id=208","title":{"rendered":"Chronik"},"content":{"rendered":"\n<p> Im Jahre 1867 erlie\u00dfen die K\u00f6niglichen Bezirks\u00e4mter in Bayern eine Feuerl\u00f6schordnung, in der genaue Anweisungen und Verhaltensma\u00dfnahmen bei Br\u00e4nden vorgegeben wurden. Diese Verordnung f\u00fchrte zur Gr\u00fcndung der Freiwilligen Feuerwehren in den l\u00e4ndlichen Gemeinde, deren erste Gr\u00fcndungen ins Jahr 1867 datieren. <\/p>\n\n\n\n<div class=\"wp-block-image\"><figure class=\"aligncenter size-large\"><img loading=\"lazy\" decoding=\"async\" width=\"443\" height=\"336\" src=\"https:\/\/feuerwehr-kollnburg.de\/wp-content\/uploads\/2020\/01\/Ehrung_Gruendungsmitglieder.jpg\" alt=\"\" class=\"wp-image-209\" srcset=\"https:\/\/feuerwehr-kollnburg.de\/wp-content\/uploads\/2020\/01\/Ehrung_Gruendungsmitglieder.jpg 443w, https:\/\/feuerwehr-kollnburg.de\/wp-content\/uploads\/2020\/01\/Ehrung_Gruendungsmitglieder-300x228.jpg 300w\" sizes=\"auto, (max-width: 443px) 100vw, 443px\" \/><\/figure><\/div>\n\n\n\n<p>Unter Vorsitz des Lehrer Brunner wurde auf diese Weise auch die Freiwillige Feuerwehr Kollnburg-Rechertsried gegr\u00fcndet. Spontan traten 54 M\u00e4nner diesem &#8222;n\u00fctzlichen und opferwilligen&#8220; Verein bei, wie einer sp\u00e4teren Aufzeichnung entommen werden konnte. Als historischer beleg hierzu dienlich ist die Antrittsrede von Alois Prei\u00df zur Er\u00f6ffnung des Feuerwehrtheaters am 02.M\u00e4rz 1908 , in der auch auf das Gr\u00fcndungsdatum der Wehr verwiesen wird.<\/p>\n\n\n\n<figure class=\"wp-block-gallery columns-3 is-cropped wp-block-gallery-1 is-layout-flex wp-block-gallery-is-layout-flex\"><ul class=\"blocks-gallery-grid\"><li class=\"blocks-gallery-item\"><figure><a href=\"https:\/\/feuerwehr-kollnburg.de\/wp-content\/uploads\/2020\/12\/1898_Foto_mit_Rahmen_rueckseite1_web-2.jpg\"><img loading=\"lazy\" decoding=\"async\" width=\"1024\" height=\"871\" src=\"https:\/\/feuerwehr-kollnburg.de\/wp-content\/uploads\/2020\/12\/1898_Foto_mit_Rahmen_rueckseite1_web-2-1024x871.jpg\" alt=\"\" data-id=\"3544\" data-full-url=\"https:\/\/feuerwehr-kollnburg.de\/wp-content\/uploads\/2020\/12\/1898_Foto_mit_Rahmen_rueckseite1_web-2.jpg\" data-link=\"https:\/\/feuerwehr-kollnburg.de\/?attachment_id=3544\" class=\"wp-image-3544\" srcset=\"https:\/\/feuerwehr-kollnburg.de\/wp-content\/uploads\/2020\/12\/1898_Foto_mit_Rahmen_rueckseite1_web-2-1024x871.jpg 1024w, https:\/\/feuerwehr-kollnburg.de\/wp-content\/uploads\/2020\/12\/1898_Foto_mit_Rahmen_rueckseite1_web-2-300x255.jpg 300w, https:\/\/feuerwehr-kollnburg.de\/wp-content\/uploads\/2020\/12\/1898_Foto_mit_Rahmen_rueckseite1_web-2-768x654.jpg 768w, https:\/\/feuerwehr-kollnburg.de\/wp-content\/uploads\/2020\/12\/1898_Foto_mit_Rahmen_rueckseite1_web-2.jpg 1147w\" sizes=\"auto, (max-width: 1024px) 100vw, 1024px\" \/><\/a><\/figure><\/li><li class=\"blocks-gallery-item\"><figure><a href=\"https:\/\/feuerwehr-kollnburg.de\/wp-content\/uploads\/2020\/12\/1898_Foto_mit_Rahmen_web-2.jpg\"><img loading=\"lazy\" decoding=\"async\" width=\"1024\" height=\"875\" src=\"https:\/\/feuerwehr-kollnburg.de\/wp-content\/uploads\/2020\/12\/1898_Foto_mit_Rahmen_web-2-1024x875.jpg\" alt=\"\" data-id=\"3545\" data-full-url=\"https:\/\/feuerwehr-kollnburg.de\/wp-content\/uploads\/2020\/12\/1898_Foto_mit_Rahmen_web-2.jpg\" data-link=\"https:\/\/feuerwehr-kollnburg.de\/?attachment_id=3545\" class=\"wp-image-3545\" srcset=\"https:\/\/feuerwehr-kollnburg.de\/wp-content\/uploads\/2020\/12\/1898_Foto_mit_Rahmen_web-2-1024x875.jpg 1024w, https:\/\/feuerwehr-kollnburg.de\/wp-content\/uploads\/2020\/12\/1898_Foto_mit_Rahmen_web-2-300x256.jpg 300w, https:\/\/feuerwehr-kollnburg.de\/wp-content\/uploads\/2020\/12\/1898_Foto_mit_Rahmen_web-2-768x656.jpg 768w, https:\/\/feuerwehr-kollnburg.de\/wp-content\/uploads\/2020\/12\/1898_Foto_mit_Rahmen_web-2.jpg 1140w\" sizes=\"auto, (max-width: 1024px) 100vw, 1024px\" \/><\/a><\/figure><\/li><li class=\"blocks-gallery-item\"><figure><a href=\"https:\/\/feuerwehr-kollnburg.de\/wp-content\/uploads\/2020\/12\/1898_Gruppenfoto_komplett-2-scaled.jpg\"><img loading=\"lazy\" decoding=\"async\" width=\"1024\" height=\"425\" src=\"https:\/\/feuerwehr-kollnburg.de\/wp-content\/uploads\/2020\/12\/1898_Gruppenfoto_komplett-2-1024x425.jpg\" alt=\"\" data-id=\"3546\" data-full-url=\"https:\/\/feuerwehr-kollnburg.de\/wp-content\/uploads\/2020\/12\/1898_Gruppenfoto_komplett-2-scaled.jpg\" data-link=\"https:\/\/feuerwehr-kollnburg.de\/?attachment_id=3546\" class=\"wp-image-3546\" srcset=\"https:\/\/feuerwehr-kollnburg.de\/wp-content\/uploads\/2020\/12\/1898_Gruppenfoto_komplett-2-1024x425.jpg 1024w, https:\/\/feuerwehr-kollnburg.de\/wp-content\/uploads\/2020\/12\/1898_Gruppenfoto_komplett-2-300x125.jpg 300w, https:\/\/feuerwehr-kollnburg.de\/wp-content\/uploads\/2020\/12\/1898_Gruppenfoto_komplett-2-768x319.jpg 768w, https:\/\/feuerwehr-kollnburg.de\/wp-content\/uploads\/2020\/12\/1898_Gruppenfoto_komplett-2-1536x637.jpg 1536w, https:\/\/feuerwehr-kollnburg.de\/wp-content\/uploads\/2020\/12\/1898_Gruppenfoto_komplett-2-2048x850.jpg 2048w\" sizes=\"auto, (max-width: 1024px) 100vw, 1024px\" \/><\/a><\/figure><\/li><li class=\"blocks-gallery-item\"><figure><a href=\"https:\/\/feuerwehr-kollnburg.de\/wp-content\/uploads\/2020\/12\/1898_Gruppenfoto_links-3-scaled.jpg\"><img loading=\"lazy\" decoding=\"async\" width=\"1024\" height=\"768\" src=\"https:\/\/feuerwehr-kollnburg.de\/wp-content\/uploads\/2020\/12\/1898_Gruppenfoto_links-3-1024x768.jpg\" alt=\"\" data-id=\"3547\" data-full-url=\"https:\/\/feuerwehr-kollnburg.de\/wp-content\/uploads\/2020\/12\/1898_Gruppenfoto_links-3-scaled.jpg\" data-link=\"https:\/\/feuerwehr-kollnburg.de\/?attachment_id=3547\" class=\"wp-image-3547\" srcset=\"https:\/\/feuerwehr-kollnburg.de\/wp-content\/uploads\/2020\/12\/1898_Gruppenfoto_links-3-1024x768.jpg 1024w, https:\/\/feuerwehr-kollnburg.de\/wp-content\/uploads\/2020\/12\/1898_Gruppenfoto_links-3-300x225.jpg 300w, https:\/\/feuerwehr-kollnburg.de\/wp-content\/uploads\/2020\/12\/1898_Gruppenfoto_links-3-768x576.jpg 768w, https:\/\/feuerwehr-kollnburg.de\/wp-content\/uploads\/2020\/12\/1898_Gruppenfoto_links-3-1536x1152.jpg 1536w, https:\/\/feuerwehr-kollnburg.de\/wp-content\/uploads\/2020\/12\/1898_Gruppenfoto_links-3-2048x1536.jpg 2048w, https:\/\/feuerwehr-kollnburg.de\/wp-content\/uploads\/2020\/12\/1898_Gruppenfoto_links-3-702x526.jpg 702w\" sizes=\"auto, (max-width: 1024px) 100vw, 1024px\" \/><\/a><\/figure><\/li><li class=\"blocks-gallery-item\"><figure><a href=\"https:\/\/feuerwehr-kollnburg.de\/wp-content\/uploads\/2020\/12\/1898_Gruppenfoto_rechts-3-scaled.jpg\"><img loading=\"lazy\" decoding=\"async\" width=\"1024\" height=\"623\" src=\"https:\/\/feuerwehr-kollnburg.de\/wp-content\/uploads\/2020\/12\/1898_Gruppenfoto_rechts-3-1024x623.jpg\" alt=\"\" data-id=\"3548\" data-full-url=\"https:\/\/feuerwehr-kollnburg.de\/wp-content\/uploads\/2020\/12\/1898_Gruppenfoto_rechts-3-scaled.jpg\" data-link=\"https:\/\/feuerwehr-kollnburg.de\/?attachment_id=3548\" class=\"wp-image-3548\" srcset=\"https:\/\/feuerwehr-kollnburg.de\/wp-content\/uploads\/2020\/12\/1898_Gruppenfoto_rechts-3-1024x623.jpg 1024w, https:\/\/feuerwehr-kollnburg.de\/wp-content\/uploads\/2020\/12\/1898_Gruppenfoto_rechts-3-300x183.jpg 300w, https:\/\/feuerwehr-kollnburg.de\/wp-content\/uploads\/2020\/12\/1898_Gruppenfoto_rechts-3-768x467.jpg 768w, https:\/\/feuerwehr-kollnburg.de\/wp-content\/uploads\/2020\/12\/1898_Gruppenfoto_rechts-3-1536x935.jpg 1536w, https:\/\/feuerwehr-kollnburg.de\/wp-content\/uploads\/2020\/12\/1898_Gruppenfoto_rechts-3-2048x1246.jpg 2048w\" sizes=\"auto, (max-width: 1024px) 100vw, 1024px\" \/><\/a><\/figure><\/li><\/ul><figcaption class=\"blocks-gallery-caption\"> <a rel=\"noreferrer noopener\" href=\"https:\/\/feuerwehr-kollnburg.de\/wp-content\/uploads\/2020\/12\/1898_Beschriftung_Gruppenfoto.pdf\" target=\"_blank\">Mitglieder der Freiwilligen Feuerwehr Kollnburg &#8211; Rechertsried (Aufnahme 1898)<\/a> <\/figcaption><\/figure>\n\n\n\n<p><\/p>\n\n\n\n<p>Leider sind die Protokollb\u00fccher von der Gr\u00fcndung bis zum Jahre 1901 nicht mehr auffindbar, so das man auf sp\u00e4tere Aufzeichnungen und die m\u00fcndlichen \u00dcberlieferungen von \u00e4lteren Vereinsmitgliedern angewiesen war.<\/p>\n\n\n\n<p>Die ersten Ausr\u00fcstungsgegenst\u00e4nde waren L\u00f6scheimer aus Segeltuch und Feuerhacke. Leitern besorget man sich von Fall zu Fall. Schon bald nach der Gr\u00fcndung konnte eine Feuerl\u00f6schmaschine (Handdruckpumpe) abgeschafft werden. F\u00fcr die Alamierung war ein Hornist zust\u00e4ndig, zudem l\u00e4uteten die Kirchenglocken. Damit man einen Brandfall vom sonstigen L\u00e4uten unterscheiden konnte, wurden die Glocken in kurzen Abst\u00e4nden nur an einde Seite angeschlagen. Wenn sich heute ein zw\u00f6lfj\u00e4hriger zum Dienst ind der Feuerwehr verpflichtet, lernt er den Umgang mit hochtechnischen Einrichtungen, mit einen Fahrzeug das f\u00fcr Notf\u00e4lle aller Art ausger\u00fcstet ist, mit Atemschutzger\u00e4ten und vielen mehr.Die alamierung erfolgt Computergesteuert, der n\u00f6tige &#8222;Pipser&#8220; steckt in der Brusttasche. Ein Kolnburger Feuerwehrmann aus dem Gr\u00fcndungsjahren der wehr h\u00e4tte sich beim Anblick dieser Ausr\u00fcstung sicher in einen Zukunftsroman versetzt gef\u00fchlt. <\/p>\n\n\n\n<div class=\"wp-block-image\"><figure class=\"aligncenter size-large\"><img loading=\"lazy\" decoding=\"async\" width=\"448\" height=\"259\" src=\"https:\/\/feuerwehr-kollnburg.de\/wp-content\/uploads\/2020\/01\/Handdruckspritze.jpg\" alt=\"\" class=\"wp-image-210\" srcset=\"https:\/\/feuerwehr-kollnburg.de\/wp-content\/uploads\/2020\/01\/Handdruckspritze.jpg 448w, https:\/\/feuerwehr-kollnburg.de\/wp-content\/uploads\/2020\/01\/Handdruckspritze-300x173.jpg 300w\" sizes=\"auto, (max-width: 448px) 100vw, 448px\" \/><figcaption><br> Handdruckspritze aus dem Jahre 1907 mit zwei &#8222;PS&#8220; <\/figcaption><\/figure><\/div>\n\n\n\n<p>Betrachtet man die historische Hochdruckpumpe aus dem Jahre 1907,\ndie von den M\u00e4nnern gehegt und gepflegt wird, und noch voll einsatzf\u00e4hig ist,\nkann man sich leicht in die damalige L\u00f6schproplematik zur\u00fcckversetzt f\u00fchlen.Die\nerste Handdruckpumpe wurde laut Protokollbucheintrag vom 01. Juli 1906 an die\nFreiwillige Feuerwehr Kirchaitnach verkauft.<\/p>\n\n\n\n<p>Gezogen wurde die Spritze nat\u00fcrlich von nur ein oder zwei\n&#8222;PS&#8220;. Genau Festgelegt war wer im Brandfall seine Pferde zu Verf\u00fcgung\nzu stellen hatte, um damit zum Einsatzort zu kommen. Im Jahre 1905 zum Beispiel\nwar vereinbart: Anton trellinger (Br\u00e4uhaus) f\u00e4hrt die Spritze so oft er die\nPferde zur Verf\u00fcgung hat. Als weitere Pferdehalter waren eingeteilt: Peter\nBaumgartner (Wirt) Josef M\u00fchlbauer, Sebastian Rauch, Johann Holzfurtner und\nJosef Bernauer. Jeweils der folgende musste seinen Vorg\u00e4nger vertreten, wenn\ndieser seine Pferde nicht zur Verf\u00fcgung hatte.<\/p>\n\n\n\n<p><strong>Eine primitive Ausr\u00fcstung verlangte um so gr\u00f6\u00dfere Disziplin. In\neinen Beschlu\u00df von 1905 war folgendes festgelegt: Als aktives Mitglied galt man\ninder Feuerwehr bis zum Alter von 45 Jahren. Mindestens drei \u00dcbungen pro Jahr\nmussten absolviert werden. Wer unentschuldigt fehlt, mu\u00dfte nicht nur einen\nPfennig Strafe zahlen sonder konnte dar\u00fcber hinaus auch angezeigt werden. Diese\nstrenge Regel deutet auf eine Pflichtfeuerwehr hin.<\/strong><\/p>\n\n\n\n<p>Noch im gleichen Jahr (1905) wurde eine einheitliche Uniform\nbeschlossen. F\u00fcr sieben Mark konnte man den Uniformrock k\u00e4uflich oder ihm f\u00fcr\neine Mark f\u00fcr ein Jahr ausleihen. Hier vielleicht interessant ein weiterer\n&#8222;Preisvergleich&#8220;: Als Jahrsbeitrag waren f\u00fcr das Jahr 1905 30 Pfennig\ngestgesetzt. F\u00fcr das Genesungsheim, das es damals offensichtlich auch schon\ngab, wurden f\u00fcr jedes Mitglied weitere 5 Pfennig festgesetzt. Nichtmitglieder\nmussten als Eintritt zum Feuerwehrball im Jahre 1905 20 Pfennig zahlen &#8211;\nMitglieder waren frei.<\/p>\n\n\n\n<p>Bereits 1874 schaffte sich der Verein eine Fahne an, und gewi\u00df\nhatte man auch damals schon mit der Finanzierung zu k\u00e4mpfen, aber trotzdem\nwollte amn dieses Verbindliche Symbol der Feuerwehr um jeden Preis. Die Fahne\nbefindet sich heute zu treuen H\u00e4nden beim Patenverein Rechertsried. Beider\nTeilung der Wehr im Jahre 1924 bekam Rechertsried die Fahne und Kollnburg die\nHochdruckspritze.<\/p>\n\n\n\n<p>1913 wurde eine neue Vereinsfahne angeschafft, die bis 1971 ihren\nDienst tat. Beim 100 jahrigen Gr\u00fcndungsfest wurde zugleich eine Fahne geweiht,\ndie aber l\u00e4gst nicht so wertvoll wie die vorhergehende war. Nach Begutachtung\nbeschlo\u00df man, die Fahne aus dem Jahre 1913 wieder restaurieren zu lassen. Heut\nwei\u00df man das es eine gute Entscheidung war.<\/p>\n\n\n\n<p>Ein bedeutsamer Tag f\u00fcr die Feuerwehr Kollnburg-Rechertsried war der 30.November 1924, als man die Gr\u00fcndung einer eigen Wehr in der Gemeinde Rechtersried beschlo\u00df. Vorstand Josef weber (Rechertsried), adjudant Karl Schroll (Steinb\u00fchl) und weitere 17 Mann traten aus der bislang gemeinsamen Wehr aus und bildeten die Freiwillige Feuerwehr Rechertsried. Wie \u00fcberall, begannen 1936 auch f\u00fcr die Kollnburger Wehr dunkle Jahre. erstmals wurde die Generalversammlung mit dem sogenannten deutschen Gru\u00df &#8222;Heil Hitler&#8220; er\u00f6ffnet. &#8222;Feuerwehren sind demm Luftschutz zuzuf\u00fchren&#8220;, hie\u00df es. als Feuerschutzpolizei wurde diese Organisation der Gemeinde unterstellt. Der damalige Feuerwehrkommandant Albrecht Schlecht wurde als Wehrf\u00fchrer bezeichnet, alle Protokolle unterzeichnet man mit &#8222;Die Wehrf\u00fchrung&#8220;. Nach der 64. Generalvesammlung am 06.Januar 1938 blieb das Protokollbuch leer. Erst am 13. Februar 1949 wird die Kollnburger Feuerwehr zur 65. Generalversammlung reaktiviert. <\/p>\n\n\n\n<div class=\"wp-block-image\"><figure class=\"aligncenter size-large\"><img loading=\"lazy\" decoding=\"async\" width=\"448\" height=\"293\" src=\"https:\/\/feuerwehr-kollnburg.de\/wp-content\/uploads\/2020\/01\/Dodge.jpg\" alt=\"\" class=\"wp-image-214\" srcset=\"https:\/\/feuerwehr-kollnburg.de\/wp-content\/uploads\/2020\/01\/Dodge.jpg 448w, https:\/\/feuerwehr-kollnburg.de\/wp-content\/uploads\/2020\/01\/Dodge-300x196.jpg 300w\" sizes=\"auto, (max-width: 448px) 100vw, 448px\" \/><figcaption><br> Stolze Wehrm\u00e4nner nach dem Kauf des Dodge <\/figcaption><\/figure><\/div>\n\n\n\n<p> Als &#8222;M\u00e4nner der ersten Stunde&#8220; nach dem Krieg gelten der damalige Vorstand Michael M\u00fchlbauer und Xaver Biebl als erster Kommandant. Unter ihrer Leitung wurde kontinuierlich wieder aufgebaut. Bereist im April 1951 wurde ein US Milit\u00e4tfahrzeug Dodge f\u00fcr 1300,-DM gekauft, das aus der Vereinskasse bezahlt wurde. Die Gemeinde gab lediglich 280.-DM Zuschu\u00df. Zusammen mit der 1943 angeschafften Magirus Einheitsmotorspritze war man f\u00fcr damalige Verh\u00e4lltnisse gut ger\u00fcstet. <\/p>\n\n\n\n<div class=\"wp-block-image\"><figure class=\"aligncenter size-large\"><img loading=\"lazy\" decoding=\"async\" width=\"448\" height=\"281\" src=\"https:\/\/feuerwehr-kollnburg.de\/wp-content\/uploads\/2020\/01\/Tragkraftspritze.jpg\" alt=\"\" class=\"wp-image-215\" srcset=\"https:\/\/feuerwehr-kollnburg.de\/wp-content\/uploads\/2020\/01\/Tragkraftspritze.jpg 448w, https:\/\/feuerwehr-kollnburg.de\/wp-content\/uploads\/2020\/01\/Tragkraftspritze-300x188.jpg 300w\" sizes=\"auto, (max-width: 448px) 100vw, 448px\" \/><figcaption><br> Schwierigkeiten beim starten der neuen Tragkraftspritze? <\/figcaption><\/figure><\/div>\n\n\n\n<p> Anstelle eines Armenhauses der Gemeinde wurde 1952 ein neues Feuerwhrger\u00e4tehaus in derjetzigen Raiffeisenstra\u00dfe errichtet, bis dahin diente lediglich ein kleiner Anbau. Endlich war ein Ger\u00e4tehaus zur Verf\u00fcgung, was f\u00fcr damalige Verh\u00e4ltnisse schon recht modern war; Schlauchwaschanlage und Trockenturm waren bereits integriert. Die \u00dcbergabe erfolgte am 05. Oktober 1952 durch B\u00fcrgermeister Jakob Achatz, im Beisein von Landrat Kauer. die kirchliche Weihe nahm Pfarrer Anton Kilger vor. <\/p>\n\n\n\n<div class=\"wp-block-image\"><figure class=\"aligncenter size-large\"><img loading=\"lazy\" decoding=\"async\" width=\"448\" height=\"305\" src=\"https:\/\/feuerwehr-kollnburg.de\/wp-content\/uploads\/2020\/01\/Weihe_Geraetehaus.jpg\" alt=\"\" class=\"wp-image-216\" srcset=\"https:\/\/feuerwehr-kollnburg.de\/wp-content\/uploads\/2020\/01\/Weihe_Geraetehaus.jpg 448w, https:\/\/feuerwehr-kollnburg.de\/wp-content\/uploads\/2020\/01\/Weihe_Geraetehaus-300x204.jpg 300w\" sizes=\"auto, (max-width: 448px) 100vw, 448px\" \/><figcaption><br> Weihe des neuen Ger\u00e4tehaus in der Raiffeisenstra\u00dfe <\/figcaption><\/figure><\/div>\n\n\n\n<p>Unter B\u00fcrgermeister Josef Biebl, selbst langj\u00e4hriger Vorstand und\nKommandant der Wehr, wurden 1985\/86 von den Familien Hermann Holzfurtner, Georg\nLorenz und Johann Zankl die erforderlichen Grundst\u00fccke erworben. Noch 1988 wurde\nder Bauantrag gestellt und bereits am 07.September erfolgte der Spatenstich. Am\n06. August 1989 wurde der Neubau durch Pfarrer Anton Dinsenbacher eingeweiht.\nHeute darf die Wehr mit Recht stolz auf ihren Neubau sein, aber auch ihre\nLeistungen und ihren eigenn\u00fctzigen Einsatz zum Schutz der Kollnburger Bev\u00f6lkerung.<\/p>\n\n\n\n<p>1996 wurde dann als Ersatz f\u00fcr die Tragraftspritze von Metz aus den Jahre 1957 durch eine TS8 der Firma Ziegler ersetzt! Seit dem 18. M\u00e4rz 2013 ist die Freiwillige Feuerwehr Kollnburg in Besitz eines Hilfeleistungsl\u00f6schfahrzeug HLF20\/16 mit einen Fahrgestell des Herstellers MAN und einen Aufbau der Firma Ziegler, das das in die Jahre gekommen Tankl\u00f6schfahrzeug TLF 16\/25 ersetzen wird! Am 26.06.2013 erh\u00e4lt das L\u00f6schfahrzeug im Rahmen einer Fahrzeugweihe mit Zeltfest den kirchlichen Segen. <\/p>\n\n\n\n<figure class=\"wp-block-image size-large\"><img loading=\"lazy\" decoding=\"async\" width=\"804\" height=\"359\" src=\"https:\/\/feuerwehr-kollnburg.de\/wp-content\/uploads\/2020\/01\/Loeschfahrzeug.jpg\" alt=\"\" class=\"wp-image-217\" srcset=\"https:\/\/feuerwehr-kollnburg.de\/wp-content\/uploads\/2020\/01\/Loeschfahrzeug.jpg 804w, https:\/\/feuerwehr-kollnburg.de\/wp-content\/uploads\/2020\/01\/Loeschfahrzeug-300x134.jpg 300w, https:\/\/feuerwehr-kollnburg.de\/wp-content\/uploads\/2020\/01\/Loeschfahrzeug-768x343.jpg 768w\" sizes=\"auto, (max-width: 804px) 100vw, 804px\" \/><figcaption><br> Hilfeleistungsl\u00f6schfahrzeug HLF20\/16 und Tankl\u00f6schfahrzeug TLF 16\/25 anno 2013 <\/figcaption><\/figure>\n\n\n\n<p> Wie es f\u00fcr den Verein \u00fcblich ist wurde in den vergangenen Jahren regelm\u00e4\u00dfig Feste gefeiert: 1898 das 25j\u00e4hrige Gr\u00fcndungsfest 1913 die Weihe der neuen Fahne, 1953 das 80j\u00e4hrige Gr\u00fcndungsfest, 1971 das 100j\u00e4hrige Gr\u00fcndungsfest mit Fahnenweihe und 1998 das 125j\u00e4hrige bestehen der Wehr mit Fahnenweihe. In den Jahren 2003, 2008 und 2010 war man Ausrichter des bekannten Kollnburger Heimatfest. Desweiteren werden jedes Jahr Stra\u00dfen-, Strand-, L\u00e4nder-, Wein- und Starkbierfeste organisiert <\/p>\n\n\n\n<h2 class=\"wp-block-heading\">F\u00fchrungskr\u00e4fte der FFW Kollnburg<\/h2>\n\n\n\n<h3 class=\"wp-block-heading\">Vorst\u00e4nde<\/h3>\n\n\n\n<figure class=\"wp-block-table\"><table class=\"\"><tbody><tr><td>\n  Ludwig Brunner\n  <\/td><td>\n  Gr\u00fcndungsvorstand\n  <\/td><\/tr><tr><td>\n  Franz Vogl\n  <\/td><td>\n  keine Aufzeichnungen\n  <\/td><\/tr><tr><td>\n  Alois Feldengut\n  <\/td><td>\n  keine Aufzeichnungen\n  <\/td><\/tr><tr><td>\n  Carl Lobmeier\n  <\/td><td>\n  keine Aufzeichnungen\n  <\/td><\/tr><tr><td>\n  Josef Bernauer\n  <\/td><td>\n  1907 &#8211; 1912\n  <\/td><\/tr><tr><td>\n  Joseph Fischer\n  <\/td><td>\n  1912 &#8211; 1912\n  <\/td><\/tr><tr><td>\n  Josef Weber\n  <\/td><td>\n  1912 &#8211; 1915\n  <\/td><\/tr><tr><td>\n  Josef Bernauer\n  <\/td><td>\n  1915 &#8211; 1920\n  <\/td><\/tr><tr><td>\n  Josef Fischer\n  <\/td><td>\n  1920 &#8211; 1922\n  <\/td><\/tr><tr><td>\n  Josef Weber\n  <\/td><td>\n  1922 &#8211; 1924\n  <\/td><\/tr><tr><td>\n  Josef Wieser\n  <\/td><td>\n  1924 &#8211; 1929\n  <\/td><\/tr><tr><td>\n  Josef Holzapfl\n  <\/td><td>\n  1929 &#8211; 1949\n  <\/td><\/tr><tr><td>\n  Michael M\u00fchlbauer\n  <\/td><td>\n  1949 &#8211; 1954\n  <\/td><\/tr><tr><td>\n  Xaver Biebl\n  <\/td><td>\n  1954 &#8211; 1959\n  <\/td><\/tr><tr><td>\n  Josef Biebl\n  <\/td><td>\n  1959 &#8211; 1986\n  <\/td><\/tr><tr><td>\n  Johann Reiner\n  <\/td><td>\n  1986 &#8211; 1990\n  <\/td><\/tr><tr><td>\n  Ludwig Rabenbauer\n  <\/td><td>   1990 &#8211; 2008  <\/td><\/tr><tr><td>\n  Lothar G\u00e4rtling\n  <\/td><td>   2008 &#8211; 2010   <\/td><\/tr><tr><td>\n  M\u00fchlbauer Thomas\n  <\/td><td>   2010 &#8211; 2019   <\/td><\/tr><tr><td>\n  Toni Vielmuth\n  <\/td><td>\n  2019 &#8211; \n  <\/td><\/tr><\/tbody><\/table><\/figure>\n\n\n\n<h3 class=\"wp-block-heading\">Kommandanten<\/h3>\n\n\n\n<figure class=\"wp-block-table\"><table class=\"\"><tbody><tr><td>\n  Kommandant des Gr\u00fcndungsjahrs nicht rekonstruierbar\n  <\/td><\/tr><tr><td>\n  Lehrer Oswald\n  <\/td><td>\n  1898 &#8211; 1901\n  <\/td><\/tr><tr><td>\n  Brunner\n  <\/td><td>\n  1901 &#8211; 1904\n  <\/td><\/tr><tr><td>\n  Kajetan Dietl\n  <\/td><td>\n  1904 &#8211; 1907\n  <\/td><\/tr><tr><td>\n  Ludwig Englmeier\n  <\/td><td>\n  1907 &#8211; 1907\n  <\/td><\/tr><tr><td>\n  Joseph Fischer\n  <\/td><td>\n  1907 &#8211; 1912\n  <\/td><\/tr><tr><td>\n  Karl Schauer\n  <\/td><td>\n  1912 &#8211; 1912\n  <\/td><\/tr><tr><td>\n  Jakob K\u00f6ppl\n  <\/td><td>\n  1912 &#8211; 1915\n  <\/td><\/tr><tr><td>\n  Johann Obermeier\n  <\/td><td>\n  1912 &#8211; 1920\n  <\/td><\/tr><tr><td>\n  Jakob K\u00f6ppl\n  <\/td><td>\n  1920 &#8211; 1927\n  <\/td><\/tr><tr><td>\n  Albert Schlecht\n  <\/td><td>\n  1927 &#8211; 1949\n  <\/td><\/tr><tr><td>\n  Xaver Biebl\n  <\/td><td>\n  1949 &#8211; 1959\n  <\/td><\/tr><tr><td>\n  Josef Biebl\n  <\/td><td>\n  1959 &#8211; 1976\n  <\/td><\/tr><tr><td>\n  Franz Schw\u00fcrzinger\n  <\/td><td>\n  1976 &#8211; 1996\n  <\/td><\/tr><tr><td>\n  Werner Dietl\n  <\/td><td>\n  1996 &#8211; 2004\n  <\/td><\/tr><tr><td>\n  Lothar G\u00e4rtling\n  <\/td><td>\n  2004 &#8211; 2015\n  <\/td><\/tr><tr><td>\n  Dietl Marco\n  <\/td><td>\n  2015 &#8211;\n  <\/td><\/tr><\/tbody><\/table><\/figure>\n\n\n\n<p> Ein besonderer Dank gilt unserem Ehrenmitglied Hermann Biebl, der mit einem hohen Zeitaufwand unsere Chronik und Protokolle \u00fcberarbeitet hat! <\/p>\n","protected":false},"excerpt":{"rendered":"<p><\/p>\n","protected":false},"author":1,"featured_media":0,"parent":685,"menu_order":0,"comment_status":"closed","ping_status":"closed","template":"","meta":{"_genesis_hide_title":false,"_genesis_hide_breadcrumbs":false,"_genesis_hide_singular_image":false,"_genesis_hide_footer_widgets":false,"_genesis_custom_body_class":"","_genesis_custom_post_class":"","_genesis_layout":"full-width-content","footnotes":""},"class_list":{"0":"post-208","1":"page","2":"type-page","3":"status-publish","5":"entry"},"featured_image_src":null,"featured_image_src_square":null,"_links":{"self":[{"href":"https:\/\/feuerwehr-kollnburg.de\/index.php?rest_route=\/wp\/v2\/pages\/208","targetHints":{"allow":["GET"]}}],"collection":[{"href":"https:\/\/feuerwehr-kollnburg.de\/index.php?rest_route=\/wp\/v2\/pages"}],"about":[{"href":"https:\/\/feuerwehr-kollnburg.de\/index.php?rest_route=\/wp\/v2\/types\/page"}],"author":[{"embeddable":true,"href":"https:\/\/feuerwehr-kollnburg.de\/index.php?rest_route=\/wp\/v2\/users\/1"}],"replies":[{"embeddable":true,"href":"https:\/\/feuerwehr-kollnburg.de\/index.php?rest_route=%2Fwp%2Fv2%2Fcomments&post=208"}],"version-history":[{"count":34,"href":"https:\/\/feuerwehr-kollnburg.de\/index.php?rest_route=\/wp\/v2\/pages\/208\/revisions"}],"predecessor-version":[{"id":3566,"href":"https:\/\/feuerwehr-kollnburg.de\/index.php?rest_route=\/wp\/v2\/pages\/208\/revisions\/3566"}],"up":[{"embeddable":true,"href":"https:\/\/feuerwehr-kollnburg.de\/index.php?rest_route=\/wp\/v2\/pages\/685"}],"wp:attachment":[{"href":"https:\/\/feuerwehr-kollnburg.de\/index.php?rest_route=%2Fwp%2Fv2%2Fmedia&parent=208"}],"curies":[{"name":"wp","href":"https:\/\/api.w.org\/{rel}","templated":true}]}}